{"id":763,"date":"2021-03-03T23:23:14","date_gmt":"2021-03-03T22:23:14","guid":{"rendered":"https:\/\/la-passuitiere.fr\/?page_id=763"},"modified":"2023-01-22T23:02:26","modified_gmt":"2023-01-22T22:02:26","slug":"accueil","status":"publish","type":"page","link":"https:\/\/la-passuitiere.fr\/","title":{"rendered":"Nos g\u00eetes vous attendent nich\u00e9s dans le bocage vend\u00e9en."},"content":{"rendered":"\n<div class=\"wp-block-columns is-layout-flex wp-container-core-columns-is-layout-9d6595d7 wp-block-columns-is-layout-flex\">\n<div class=\"wp-block-column is-layout-flow wp-block-column-is-layout-flow\" style=\"flex-basis:120%\">\n<figure class=\"wp-block-image size-large is-resized\"><img loading=\"lazy\" decoding=\"async\" src=\"https:\/\/la-passuitiere.fr\/wp-content\/uploads\/2021\/03\/deuxLits.jpeg\" alt=\"\" class=\"wp-image-914\" width=\"1\" height=\"1\" srcset=\"https:\/\/la-passuitiere.fr\/wp-content\/uploads\/2021\/03\/deuxLits.jpeg 200w, https:\/\/la-passuitiere.fr\/wp-content\/uploads\/2021\/03\/deuxLits-150x150.jpeg 150w\" sizes=\"auto, (max-width: 1px) 100vw, 1px\" \/><\/figure>\n\n\n\n<div class=\"wp-block-group\"><div class=\"wp-block-group__inner-container is-layout-flow wp-block-group-is-layout-flow\">\n<div class=\"wp-block-columns is-layout-flex wp-container-core-columns-is-layout-9d6595d7 wp-block-columns-is-layout-flex\">\n<div class=\"wp-block-column is-layout-flow wp-block-column-is-layout-flow\" style=\"flex-basis:30%\"><div class=\"wp-block-image\">\n<figure class=\"aligncenter size-large is-resized\"><img loading=\"lazy\" decoding=\"async\" src=\"https:\/\/la-passuitiere.fr\/wp-content\/uploads\/2021\/03\/Blason_Saint-Mesmin_vendee_2.png\" alt=\"logo Saint Mesmain\" class=\"wp-image-790\" width=\"78\" height=\"86\"\/><\/figure>\n<\/div><\/div>\n\n\n\n<div class=\"wp-block-column is-layout-flow wp-block-column-is-layout-flow\" style=\"flex-basis:120%\">\n<!--more location gites France vendee puy du fou ou se loger, location gites France vendee Nous vous proposons deux g\u00eetes \u00e0 la location:  Les tourtereaux : Studio de 50 m\u00b2 pour deux personnes entre 36 et 70 \u20ac la nuit. Les tourterelles : Trois pi\u00e8ces de 67 m\u00b2 pour 4 \u00e0 5 personnes avec deux chambres ( une chambre avec un lit double l\u2019autre avec deux lits \u00e0 une place et un clic-clac dans le salon ) entre 43 et 80 \u20ac la nuit. Chaque g\u00eete est non fumeur et dispose d\u2019une cuisine enti\u00e8rement \u00e9quip\u00e9e : r\u00e9frig\u00e9rateur, + cong\u00e9lateur dans \u00ab Les Tourterelles \u00bb, four, plaques \u00e0 induction, lave-vaisselle, lave-linge, micro-onde, cafeti\u00e8re, grille-pain, bouilloire, vaisselle ainsi qu\u2019une salle d\u2019eau privative avec douche \u00e0 l\u2019italienne.  Vous y trouverez \u00e9galement un n\u00e9cessaire de nettoyage, un fer avec une planche \u00e0 repasser, un \u00e9tendoir, un t\u00e9l\u00e9viseur ainsi que, sur demande, un lit b\u00e9b\u00e9 et une chaise haute.  Le Wifi gratuit et ind\u00e9pendant est disponible dans chaque g\u00eete.  Nous vous proposons en option  :  Des draps \u2013 10 \u20ac par lit et par s\u00e9jour Linges de toilette et torchons \u2013 8 \u20ac par s\u00e9jour et par personne. Nettoyage en fin de s\u00e9jour 35 \u20ac. -10 % pour la deuxi\u00e8me semaine cons\u00e9cutive. Comment trouver une location pas cher proche du Puy du Fou ?-->\n\n\n\n<p><\/p>\n\n\n\n<h4 style=\"text-align: center;\"><em><strong>Sylvie et Jean-Michel vous souhaitent la bienvenue en Vend\u00e9e !<\/strong><\/em><\/h4>\n\n\n\n<h3 style=\"text-align: center;\"><span style=\"color: #ff0000;\"><strong>Nos g\u00eetes vous attendent nich\u00e9s dans le bocage vend\u00e9en.<\/strong><\/span><\/h3>\n<\/div>\n\n\n\n<div class=\"wp-block-column is-layout-flow wp-block-column-is-layout-flow\" style=\"flex-basis:30%\"><div class=\"wp-block-image\">\n<figure class=\"aligncenter size-large\"><img loading=\"lazy\" decoding=\"async\" width=\"99\" height=\"99\" src=\"https:\/\/la-passuitiere.fr\/wp-content\/uploads\/2021\/03\/Logo-vendee_3.png\" alt=\"Logo Vend\u00e9e\" class=\"wp-image-843\"\/><\/figure>\n<\/div><\/div>\n<\/div>\n<\/div><\/div>\n\n\n\n<p><\/p>\n<\/div>\n<\/div>\n\n\n\n<div class=\"wp-block-group\"><div class=\"wp-block-group__inner-container is-layout-flow wp-block-group-is-layout-flow\">\n<div class=\"wp-block-columns is-layout-flex wp-container-core-columns-is-layout-9d6595d7 wp-block-columns-is-layout-flex\">\n<div class=\"wp-block-column is-layout-flow wp-block-column-is-layout-flow\" style=\"flex-basis:5%\"><\/div>\n\n\n\n<div class=\"wp-block-column is-layout-flow wp-block-column-is-layout-flow\">\n<figure class=\"wp-block-image size-large is-resized\"><a href=\"https:\/\/la-passuitiere.fr\/index.php\/les-tourterelles\/\"><img loading=\"lazy\" decoding=\"async\" src=\"https:\/\/la-passuitiere.fr\/wp-content\/uploads\/2021\/03\/Les-tourterelles-2.jpeg\" alt=\"Gite Les tourterelles\nTrois pi\u00e8ce de 67 m\u00b2 pour 4 \u00e0 5 personnes avec deux chambres ( une chambre avec un lit double l\u2019autre avec deux lits \u00e0 une place et un clic-clac dans le salon \n\" class=\"wp-image-772\" width=\"375\" height=\"281\" srcset=\"https:\/\/la-passuitiere.fr\/wp-content\/uploads\/2021\/03\/Les-tourterelles-2.jpeg 500w, https:\/\/la-passuitiere.fr\/wp-content\/uploads\/2021\/03\/Les-tourterelles-2-300x225.jpeg 300w\" sizes=\"auto, (max-width: 375px) 100vw, 375px\" \/><\/a><\/figure>\n<\/div>\n\n\n\n<div class=\"wp-block-column is-layout-flow wp-block-column-is-layout-flow\" style=\"flex-basis:3%\"><\/div>\n\n\n\n<div class=\"wp-block-column is-layout-flow wp-block-column-is-layout-flow\" style=\"flex-basis:3%\"><\/div>\n\n\n\n<div class=\"wp-block-column is-layout-flow wp-block-column-is-layout-flow\">\n<figure class=\"wp-block-image size-large is-resized\"><a href=\"https:\/\/la-passuitiere.fr\/index.php\/les-tourtereaux\/\"><img loading=\"lazy\" decoding=\"async\" src=\"https:\/\/la-passuitiere.fr\/wp-content\/uploads\/2021\/03\/les-tourtereaux.jpeg\" alt=\"Gite Les tourtereaux\nUn g\u00eete de 50 m\u00b2 pour passer un moment au calme avec le confort, sa vue sur l\u2019\u00e9tang et sur la flore environnante\nUn espace de 50 m\u00b2 avec son lit escamotable\" class=\"wp-image-766\" width=\"378\" height=\"283\" srcset=\"https:\/\/la-passuitiere.fr\/wp-content\/uploads\/2021\/03\/les-tourtereaux.jpeg 500w, https:\/\/la-passuitiere.fr\/wp-content\/uploads\/2021\/03\/les-tourtereaux-300x225.jpeg 300w\" sizes=\"auto, (max-width: 378px) 100vw, 378px\" \/><\/a><\/figure>\n<\/div>\n\n\n\n<div class=\"wp-block-column is-layout-flow wp-block-column-is-layout-flow\" style=\"flex-basis:5%\"><\/div>\n<\/div>\n<\/div><\/div>\n\n\n\n<div class=\"wp-block-columns is-layout-flex wp-container-core-columns-is-layout-9d6595d7 wp-block-columns-is-layout-flex\">\n<div class=\"wp-block-column is-vertically-aligned-top is-layout-flow wp-block-column-is-layout-flow\" style=\"flex-basis:33%\"><div class=\"wp-block-image\">\n<figure class=\"aligncenter size-large is-resized\"><a href=\"https:\/\/www.puydufou.com\/fr\" target=\"_blank\" rel=\"noopener\"><img loading=\"lazy\" decoding=\"async\" src=\"https:\/\/la-passuitiere.fr\/wp-content\/uploads\/2021\/03\/lgo_puy_du_fou_2.png\" alt=\"parc puy du fou\nParc d'attraction traditionnel, le Puy du Fou a \u00e9t\u00e9 \u00e9lu meilleur parc d'attraction du monde ! \" class=\"wp-image-819\" width=\"332\" height=\"86\" srcset=\"https:\/\/la-passuitiere.fr\/wp-content\/uploads\/2021\/03\/lgo_puy_du_fou_2.png 442w, https:\/\/la-passuitiere.fr\/wp-content\/uploads\/2021\/03\/lgo_puy_du_fou_2-300x77.png 300w\" sizes=\"auto, (max-width: 332px) 100vw, 332px\" \/><\/a><\/figure>\n<\/div><\/div>\n\n\n\n<div class=\"wp-block-column is-vertically-aligned-bottom is-layout-flow wp-block-column-is-layout-flow\" style=\"flex-basis:33%\"><div class=\"wp-block-image\">\n<figure class=\"aligncenter size-large is-resized\"><a href=\"https:\/\/www.festival-poupet.com\" target=\"_blank\" rel=\"noopener\"><img loading=\"lazy\" decoding=\"async\" src=\"https:\/\/la-passuitiere.fr\/wp-content\/uploads\/2021\/03\/Poupet.png\" alt=\"festival de poupet\nConcerts du Festival de Poupet 2021 - Avec Sting, Ninho, Niska, Vald, Prime, Lorenzo, 47TE\" class=\"wp-image-822\" width=\"154\" height=\"95\" srcset=\"https:\/\/la-passuitiere.fr\/wp-content\/uploads\/2021\/03\/Poupet.png 307w, https:\/\/la-passuitiere.fr\/wp-content\/uploads\/2021\/03\/Poupet-300x185.png 300w\" sizes=\"auto, (max-width: 154px) 100vw, 154px\" \/><\/a><\/figure>\n<\/div>\n\n\n<p><\/p>\n<\/div>\n\n\n\n<div class=\"wp-block-column is-layout-flow wp-block-column-is-layout-flow\" style=\"flex-basis:33%\"><div class=\"wp-block-image\">\n<figure class=\"aligncenter size-large is-resized\"><a href=\"https:\/\/www.saintmesmin.fr\/\" target=\"_blank\" rel=\"noopener\"><img loading=\"lazy\" decoding=\"async\" src=\"https:\/\/la-passuitiere.fr\/wp-content\/uploads\/2021\/03\/commune_de_saint_mesmin.jpeg\" alt=\"commune de saint mesmin\" class=\"wp-image-825\" width=\"154\" height=\"95\" srcset=\"https:\/\/la-passuitiere.fr\/wp-content\/uploads\/2021\/03\/commune_de_saint_mesmin.jpeg 307w, https:\/\/la-passuitiere.fr\/wp-content\/uploads\/2021\/03\/commune_de_saint_mesmin-300x185.jpeg 300w\" sizes=\"auto, (max-width: 154px) 100vw, 154px\" \/><\/a><\/figure>\n<\/div><\/div>\n<\/div>\n\n\n\n<iframe loading=\"lazy\" src=\"https:\/\/www.facebook.com\/plugins\/like.php?href=https%3A%2F%2Fla-passuitiere.fr&amp;width=180&amp;layout=button_count&amp;action=like&amp;size=small&amp;share=true&amp;height=46&amp;appId\" width=\"180\" height=\"46\" style=\"border:none;overflow:hidden\" scrolling=\"no\" frameborder=\"0\" allowfullscreen=\"true\" allow=\"autoplay; clipboard-write; encrypted-media; picture-in-picture; web-share\"><\/iframe>\n\n\n\n<!-- Global site tag (gtag.js) - Google Analytics -->\n<script async=\"\" src=\"https:\/\/www.googletagmanager.com\/gtag\/js?id=G-J1MDVJ3G1H\"><\/script>\n<script>\n  window.dataLayer = window.dataLayer || [];\n  function gtag(){dataLayer.push(arguments);}\n  gtag('js', new Date());\n\n  gtag('config', 'G-J1MDVJ3G1H');\n<\/script>\n\n\n\n<style type=\"text\/css\">\n.entry-header {\ndisplay: none;\n}\n<\/style>\n","protected":false},"excerpt":{"rendered":"","protected":false},"author":1,"featured_media":0,"parent":0,"menu_order":0,"comment_status":"closed","ping_status":"closed","template":"page-full-width.php","meta":{"footnotes":""},"class_list":["entry","page","publish","author-admin6549","post-763"],"yoast_head":"<!-- This site is optimized with the Yoast SEO plugin v20.3 - https:\/\/yoast.com\/wordpress\/plugins\/seo\/ -->\n<title>location gites France vendee puy du fou o\u00f9 se loger<\/title>\n<meta name=\"description\" content=\"Deux g\u00eetes dans le bocage vend\u00e9en. Un havre de paix o\u00f9 vous \u00e9vader sur les chemins p\u00e9destres et cyclables 24km Puy du fou 24km festival Poupet\" \/>\n<meta name=\"robots\" content=\"index, follow, max-snippet:-1, max-image-preview:large, max-video-preview:-1\" \/>\n<link rel=\"canonical\" href=\"https:\/\/la-passuitiere.fr\" \/>\n<meta property=\"og:locale\" content=\"fr_FR\" \/>\n<meta property=\"og:type\" content=\"article\" \/>\n<meta property=\"og:title\" content=\"location gites France vendee puy du fou o\u00f9 se loger\" \/>\n<meta property=\"og:description\" content=\"Deux g\u00eetes dans le bocage vend\u00e9en. Un havre de paix o\u00f9 vous \u00e9vader sur les chemins p\u00e9destres et cyclables 24km Puy du fou 24km festival Poupet\" \/>\n<meta property=\"og:url\" content=\"https:\/\/la-passuitiere.fr\" \/>\n<meta property=\"og:site_name\" content=\"La Passuiti\u00e8re\" \/>\n<meta property=\"article:publisher\" content=\"https:\/\/www.facebook.com\/lapassuitiere\" \/>\n<meta property=\"article:modified_time\" content=\"2023-01-22T22:02:26+00:00\" \/>\n<meta property=\"og:image\" content=\"https:\/\/la-passuitiere.fr\/wp-content\/uploads\/2021\/03\/deuxLits.jpeg\" \/>\n<meta name=\"twitter:card\" content=\"summary_large_image\" \/>\n<meta name=\"twitter:label1\" content=\"Dur\u00e9e de lecture estim\u00e9e\" \/>\n\t<meta name=\"twitter:data1\" content=\"2 minutes\" \/>\n<script type=\"application\/ld+json\" class=\"yoast-schema-graph\">{\"@context\":\"https:\/\/schema.org\",\"@graph\":[{\"@type\":\"WebPage\",\"@id\":\"https:\/\/la-passuitiere.fr\/\",\"url\":\"https:\/\/la-passuitiere.fr\",\"name\":\"location gites France vendee puy du fou o\u00f9 se loger\",\"isPartOf\":{\"@id\":\"https:\/\/la-passuitiere.fr\/#website\"},\"datePublished\":\"2021-03-03T22:23:14+00:00\",\"dateModified\":\"2023-01-22T22:02:26+00:00\",\"description\":\"Deux g\u00eetes dans le bocage vend\u00e9en. Un havre de paix o\u00f9 vous \u00e9vader sur les chemins p\u00e9destres et cyclables 24km Puy du fou 24km festival Poupet\",\"breadcrumb\":{\"@id\":\"https:\/\/la-passuitiere.fr#breadcrumb\"},\"inLanguage\":\"fr-FR\",\"potentialAction\":[{\"@type\":\"ReadAction\",\"target\":[\"https:\/\/la-passuitiere.fr\"]}]},{\"@type\":\"BreadcrumbList\",\"@id\":\"https:\/\/la-passuitiere.fr#breadcrumb\",\"itemListElement\":[{\"@type\":\"ListItem\",\"position\":1,\"name\":\"Accueil\",\"item\":\"https:\/\/la-passuitiere.fr\/\"},{\"@type\":\"ListItem\",\"position\":2,\"name\":\"Nos g\u00eetes vous attendent nich\u00e9s dans le bocage vend\u00e9en.\"}]},{\"@type\":\"WebSite\",\"@id\":\"https:\/\/la-passuitiere.fr\/#website\",\"url\":\"https:\/\/la-passuitiere.fr\/\",\"name\":\"La Passuiti\u00e8re\",\"description\":\"En Vendee\",\"potentialAction\":[{\"@type\":\"SearchAction\",\"target\":{\"@type\":\"EntryPoint\",\"urlTemplate\":\"https:\/\/la-passuitiere.fr\/?s={search_term_string}\"},\"query-input\":\"required name=search_term_string\"}],\"inLanguage\":\"fr-FR\"}]}<\/script>\n<!-- \/ Yoast SEO plugin. -->","yoast_head_json":{"title":"location gites France vendee puy du fou o\u00f9 se loger","description":"Deux g\u00eetes dans le bocage vend\u00e9en. Un havre de paix o\u00f9 vous \u00e9vader sur les chemins p\u00e9destres et cyclables 24km Puy du fou 24km festival Poupet","robots":{"index":"index","follow":"follow","max-snippet":"max-snippet:-1","max-image-preview":"max-image-preview:large","max-video-preview":"max-video-preview:-1"},"canonical":"https:\/\/la-passuitiere.fr","og_locale":"fr_FR","og_type":"article","og_title":"location gites France vendee puy du fou o\u00f9 se loger","og_description":"Deux g\u00eetes dans le bocage vend\u00e9en. Un havre de paix o\u00f9 vous \u00e9vader sur les chemins p\u00e9destres et cyclables 24km Puy du fou 24km festival Poupet","og_url":"https:\/\/la-passuitiere.fr","og_site_name":"La Passuiti\u00e8re","article_publisher":"https:\/\/www.facebook.com\/lapassuitiere","article_modified_time":"2023-01-22T22:02:26+00:00","og_image":[{"url":"https:\/\/la-passuitiere.fr\/wp-content\/uploads\/2021\/03\/deuxLits.jpeg"}],"twitter_card":"summary_large_image","twitter_misc":{"Dur\u00e9e de lecture estim\u00e9e":"2 minutes"},"schema":{"@context":"https:\/\/schema.org","@graph":[{"@type":"WebPage","@id":"https:\/\/la-passuitiere.fr\/","url":"https:\/\/la-passuitiere.fr","name":"location gites France vendee puy du fou o\u00f9 se loger","isPartOf":{"@id":"https:\/\/la-passuitiere.fr\/#website"},"datePublished":"2021-03-03T22:23:14+00:00","dateModified":"2023-01-22T22:02:26+00:00","description":"Deux g\u00eetes dans le bocage vend\u00e9en. Un havre de paix o\u00f9 vous \u00e9vader sur les chemins p\u00e9destres et cyclables 24km Puy du fou 24km festival Poupet","breadcrumb":{"@id":"https:\/\/la-passuitiere.fr#breadcrumb"},"inLanguage":"fr-FR","potentialAction":[{"@type":"ReadAction","target":["https:\/\/la-passuitiere.fr"]}]},{"@type":"BreadcrumbList","@id":"https:\/\/la-passuitiere.fr#breadcrumb","itemListElement":[{"@type":"ListItem","position":1,"name":"Accueil","item":"https:\/\/la-passuitiere.fr\/"},{"@type":"ListItem","position":2,"name":"Nos g\u00eetes vous attendent nich\u00e9s dans le bocage vend\u00e9en."}]},{"@type":"WebSite","@id":"https:\/\/la-passuitiere.fr\/#website","url":"https:\/\/la-passuitiere.fr\/","name":"La Passuiti\u00e8re","description":"En Vendee","potentialAction":[{"@type":"SearchAction","target":{"@type":"EntryPoint","urlTemplate":"https:\/\/la-passuitiere.fr\/?s={search_term_string}"},"query-input":"required name=search_term_string"}],"inLanguage":"fr-FR"}]}},"_links":{"self":[{"href":"https:\/\/la-passuitiere.fr\/index.php\/wp-json\/wp\/v2\/pages\/763","targetHints":{"allow":["GET"]}}],"collection":[{"href":"https:\/\/la-passuitiere.fr\/index.php\/wp-json\/wp\/v2\/pages"}],"about":[{"href":"https:\/\/la-passuitiere.fr\/index.php\/wp-json\/wp\/v2\/types\/page"}],"author":[{"embeddable":true,"href":"https:\/\/la-passuitiere.fr\/index.php\/wp-json\/wp\/v2\/users\/1"}],"replies":[{"embeddable":true,"href":"https:\/\/la-passuitiere.fr\/index.php\/wp-json\/wp\/v2\/comments?post=763"}],"version-history":[{"count":93,"href":"https:\/\/la-passuitiere.fr\/index.php\/wp-json\/wp\/v2\/pages\/763\/revisions"}],"predecessor-version":[{"id":1133,"href":"https:\/\/la-passuitiere.fr\/index.php\/wp-json\/wp\/v2\/pages\/763\/revisions\/1133"}],"wp:attachment":[{"href":"https:\/\/la-passuitiere.fr\/index.php\/wp-json\/wp\/v2\/media?parent=763"}],"curies":[{"name":"wp","href":"https:\/\/api.w.org\/{rel}","templated":true}]}}